{"id":2583,"date":"2024-10-23T09:06:53","date_gmt":"2024-10-23T07:06:53","guid":{"rendered":"https:\/\/seniorbofrederiksberg.dk\/?page_id=2583"},"modified":"2024-10-24T11:45:25","modified_gmt":"2024-10-24T09:45:25","slug":"topics","status":"publish","type":"page","link":"https:\/\/seniorbofrederiksberg.dk\/?page_id=2583","title":{"rendered":"Opslag"},"content":{"rendered":"<p><div class=\"ctdb-topic\"><h2><a href=\"https:\/\/seniorbofrederiksberg.dk\/?discussion-topics=klimakrav-noget-jeg-ikke-ved-ret-meget-om-men-maaske-sker-der-noget-paa-sigt\">Klimakrav &#8211; noget jeg ikke ved ret meget om&#8230;.. men m\u00e5ske sker der noget p\u00e5 sigt?<\/a><\/h2><div class=\"ctdb-excerpt\"><p>For et par \u00e5r siden var jeg til en udstilling i Forum. Her blev der bl.a. talt om nye isoleringskrav i f\u00f8lge EU. \r\n\r\nLige nu er der et nyt bygningsreglement p\u00e5 vej. Da det ikke er vedtaget, er det...<\/p><p><a class=\"ctdb-button\" href=\"https:\/\/seniorbofrederiksberg.dk\/?discussion-topics=klimakrav-noget-jeg-ikke-ved-ret-meget-om-men-maaske-sker-der-noget-paa-sigt\">Read More<\/a><\/p><\/div><!-- .ctdb-excerpt --><div class=\"ctdb-information-bar\"><div class=\"ctdb-info-bar-row\"><div class=\"ctdb-span-3\"><span class=\"dashicons dashicons-format-chat\"><\/span>0 replies<\/div><!-- .ctdb-span-3 --><div class=\"ctdb-span-3 ctdb-border-left\"><span class=\"dashicons dashicons-admin-users\"><\/span>Birgitte Franck<\/div><!-- .ctdb-span-3 --><div class=\"ctdb-span-3 ctdb-border-left\"><span class=\"dashicons dashicons-calendar-alt\"><\/span>3. september 2026<\/div><!-- .ctdb-span-3 --><\/div><!-- .ctdb-info-bar-row --><\/div><!-- .ctdb-information-bar --><\/div><!-- .ctdb-topic --><div class=\"ctdb-topic\"><h2><a href=\"https:\/\/seniorbofrederiksberg.dk\/?discussion-topics=rammeplanen-for-hospitalshaven-og-et-offenligt-informationsmoede-om-udbud-af-grunde-senere-paa-aaret-ingen-dato-endnu\">Rammeplanen for Hospitalshaven og et offenligt informationsm\u00f8de om udbud af grunde senere p\u00e5 \u00e5ret ( ingen dato endnu)<\/a><\/h2><div class=\"ctdb-excerpt\"><p>F\u00f8r sommerferien 2026 var der et borgerm\u00f8de p\u00e5 R\u00e5dhuset om \" Rammeplanen for Hospitalshaven.\" Samtidig var der ogs\u00e5 mulighed for at komme med kommentarer p\u00e5 \" bliv h\u00f8rt \" om samme emne. Der vil p\u00e5 p\u00e5 et tidspunkt komme...<\/p><p><a class=\"ctdb-button\" href=\"https:\/\/seniorbofrederiksberg.dk\/?discussion-topics=rammeplanen-for-hospitalshaven-og-et-offenligt-informationsmoede-om-udbud-af-grunde-senere-paa-aaret-ingen-dato-endnu\">Read More<\/a><\/p><\/div><!-- .ctdb-excerpt --><div class=\"ctdb-information-bar\"><div class=\"ctdb-info-bar-row\"><div class=\"ctdb-span-3\"><span class=\"dashicons dashicons-format-chat\"><\/span>0 replies<\/div><!-- .ctdb-span-3 --><div class=\"ctdb-span-3 ctdb-border-left\"><span class=\"dashicons dashicons-admin-users\"><\/span>Birgitte Franck<\/div><!-- .ctdb-span-3 --><div class=\"ctdb-span-3 ctdb-border-left\"><span class=\"dashicons dashicons-calendar-alt\"><\/span>18. august 2026<\/div><!-- .ctdb-span-3 --><\/div><!-- .ctdb-info-bar-row --><\/div><!-- .ctdb-information-bar --><\/div><!-- .ctdb-topic --><div class=\"ctdb-topic\"><h2><a href=\"https:\/\/seniorbofrederiksberg.dk\/?discussion-topics=solbjerg-park-koeber-raadgivning\">Solbjerg Park \/ K\u00f8ber R\u00e5dgivning?<\/a><\/h2><div class=\"ctdb-excerpt\"><p>Hej,\u00a0Min mand og jeg er pt i proces mht at k\u00f8be en andel i Solbjerg Park. Vi har indhentet k\u00f8ber r\u00e5dgivning fra Advokat Kristian Dreyer (som ogs\u00e5 tilbage i 2025 var involveret). Kristian har mange \u00e5rs erfaring med stiftelser...<\/p><p><a class=\"ctdb-button\" href=\"https:\/\/seniorbofrederiksberg.dk\/?discussion-topics=solbjerg-park-koeber-raadgivning\">Read More<\/a><\/p><\/div><!-- .ctdb-excerpt --><div class=\"ctdb-information-bar\"><div class=\"ctdb-info-bar-row\"><div class=\"ctdb-span-3\"><span class=\"dashicons dashicons-format-chat\"><\/span>1 reply<\/div><!-- .ctdb-span-3 --><div class=\"ctdb-span-3 ctdb-border-left\"><span class=\"dashicons dashicons-admin-users\"><\/span>Maja Bevort<\/div><!-- .ctdb-span-3 --><div class=\"ctdb-span-3 ctdb-border-left\"><span class=\"dashicons dashicons-calendar-alt\"><\/span>18. august 2026<\/div><!-- .ctdb-span-3 --><\/div><!-- .ctdb-info-bar-row --><\/div><!-- .ctdb-information-bar --><\/div><!-- .ctdb-topic --><div class=\"ctdb-topic\"><h2><a href=\"https:\/\/seniorbofrederiksberg.dk\/?discussion-topics=man-kan-jo-ogsaa-bare-moedes-til-en-koncert-paa-frederiksberg\">Man kan jo ogs\u00e5 bare m\u00f8des til en koncert p\u00e5 Frederiksberg!<\/a><\/h2><div class=\"ctdb-excerpt\"><p>Den Kgl. Livgardes Musikkorps sommerkoncert\r\n13. AUG. 2026\r\nkl. 19:00\r\nFri entr\u00e9\r\nFrederiksberg Slot &amp; have, Roskildevej 28, 2000 Frederiksberg<\/p><p><a class=\"ctdb-button\" href=\"https:\/\/seniorbofrederiksberg.dk\/?discussion-topics=man-kan-jo-ogsaa-bare-moedes-til-en-koncert-paa-frederiksberg\">Read More<\/a><\/p><\/div><!-- .ctdb-excerpt --><div class=\"ctdb-information-bar\"><div class=\"ctdb-info-bar-row\"><div class=\"ctdb-span-3\"><span class=\"dashicons dashicons-format-chat\"><\/span>0 replies<\/div><!-- .ctdb-span-3 --><div class=\"ctdb-span-3 ctdb-border-left\"><span class=\"dashicons dashicons-admin-users\"><\/span>Birgitte Franck<\/div><!-- .ctdb-span-3 --><div class=\"ctdb-span-3 ctdb-border-left\"><span class=\"dashicons dashicons-calendar-alt\"><\/span>9. august 2026<\/div><!-- .ctdb-span-3 --><\/div><!-- .ctdb-info-bar-row --><\/div><!-- .ctdb-information-bar --><\/div><!-- .ctdb-topic --><div class=\"ctdb-topic\"><h2><a href=\"https:\/\/seniorbofrederiksberg.dk\/?discussion-topics=besoeg-i-groenne-eng-den-21-august-kl-16-17-meld-jer-til-paa-kalenderen-og-se-adressen-der\">Bes\u00f8g i &#8221; gr\u00f8nne eng &#8221; den 21. august kl 16-17. meld Jer til p\u00e5 kalenderen og se adressen der.<\/a><\/h2><div class=\"ctdb-excerpt\"><p>Vi har v\u00e6ret heldige at lave en aftale med det blandede bof\u00e6lleskab \" gr\u00f8nne eng \". Der vil v\u00e6re \u00e9n rundviser pr. 10 tilmeldte. Vores forening st\u00e5r for betaligen. Ud over at der bor folk i alle aldre, s\u00e5...<\/p><p><a class=\"ctdb-button\" href=\"https:\/\/seniorbofrederiksberg.dk\/?discussion-topics=besoeg-i-groenne-eng-den-21-august-kl-16-17-meld-jer-til-paa-kalenderen-og-se-adressen-der\">Read More<\/a><\/p><\/div><!-- .ctdb-excerpt --><div class=\"ctdb-information-bar\"><div class=\"ctdb-info-bar-row\"><div class=\"ctdb-span-3\"><span class=\"dashicons dashicons-format-chat\"><\/span>1 reply<\/div><!-- .ctdb-span-3 --><div class=\"ctdb-span-3 ctdb-border-left\"><span class=\"dashicons dashicons-admin-users\"><\/span>Birgitte Franck<\/div><!-- .ctdb-span-3 --><div class=\"ctdb-span-3 ctdb-border-left\"><span class=\"dashicons dashicons-calendar-alt\"><\/span>4. august 2026<\/div><!-- .ctdb-span-3 --><\/div><!-- .ctdb-info-bar-row --><\/div><!-- .ctdb-information-bar --><\/div><!-- .ctdb-topic --><ul class=\"ctdb-pagination\"><li class=\"prev\"><\/li><li class=\"next\"><a href=\"https:\/\/seniorbofrederiksberg.dk\/index.php?rest_route=%2Fwp%2Fv2%2Fpages%2F2583&#038;paged=2\" >N\u00e6ste &raquo;<\/a><\/li><\/ul> <a class=\"ctdb-new-topic-button \" href=\"https:\/\/seniorbofrederiksberg.dk\/?page_id=2584\">Tilf\u00f8j nyt opslag<\/a><\/p>\n","protected":false},"excerpt":{"rendered":"","protected":false},"author":1,"featured_media":0,"parent":0,"menu_order":0,"comment_status":"closed","ping_status":"closed","template":"","meta":{"_EventAllDay":false,"_EventTimezone":"","_EventStartDate":"","_EventEndDate":"","_EventStartDateUTC":"","_EventEndDateUTC":"","_EventShowMap":false,"_EventShowMapLink":false,"_EventURL":"","_EventCost":"","_EventCostDescription":"","_EventCurrencySymbol":"","_EventCurrencyCode":"","_EventCurrencyPosition":"","_EventDateTimeSeparator":"","_EventTimeRangeSeparator":"","_EventOrganizerID":[],"_EventVenueID":[],"_OrganizerEmail":"","_OrganizerPhone":"","_OrganizerWebsite":"","_VenueAddress":"","_VenueCity":"","_VenueCountry":"","_VenueProvince":"","_VenueState":"","_VenueZip":"","_VenuePhone":"","_VenueURL":"","_VenueStateProvince":"","_VenueLat":"","_VenueLng":"","_VenueShowMap":false,"_VenueShowMapLink":false,"footnotes":""},"class_list":["post-2583","page","type-page","status-publish","hentry"],"_links":{"self":[{"href":"https:\/\/seniorbofrederiksberg.dk\/index.php?rest_route=\/wp\/v2\/pages\/2583","targetHints":{"allow":["GET"]}}],"collection":[{"href":"https:\/\/seniorbofrederiksberg.dk\/index.php?rest_route=\/wp\/v2\/pages"}],"about":[{"href":"https:\/\/seniorbofrederiksberg.dk\/index.php?rest_route=\/wp\/v2\/types\/page"}],"author":[{"embeddable":true,"href":"https:\/\/seniorbofrederiksberg.dk\/index.php?rest_route=\/wp\/v2\/users\/1"}],"replies":[{"embeddable":true,"href":"https:\/\/seniorbofrederiksberg.dk\/index.php?rest_route=%2Fwp%2Fv2%2Fcomments&post=2583"}],"version-history":[{"count":1,"href":"https:\/\/seniorbofrederiksberg.dk\/index.php?rest_route=\/wp\/v2\/pages\/2583\/revisions"}],"predecessor-version":[{"id":2599,"href":"https:\/\/seniorbofrederiksberg.dk\/index.php?rest_route=\/wp\/v2\/pages\/2583\/revisions\/2599"}],"wp:attachment":[{"href":"https:\/\/seniorbofrederiksberg.dk\/index.php?rest_route=%2Fwp%2Fv2%2Fmedia&parent=2583"}],"curies":[{"name":"wp","href":"https:\/\/api.w.org\/{rel}","templated":true}]}}