{"id":3293,"date":"2025-04-19T10:08:45","date_gmt":"2025-04-19T08:08:45","guid":{"rendered":"https:\/\/seniorbofrederiksberg.dk\/?post_type=tribe_events&#038;p=3293"},"modified":"2025-06-07T16:03:19","modified_gmt":"2025-06-07T14:03:19","slug":"stormly-faellemoede","status":"publish","type":"tribe_events","link":"https:\/\/seniorbofrederiksberg.dk\/?tribe_events=stormly-faellemoede","title":{"rendered":"Stormly f\u00e6llesm\u00f8de"},"content":{"rendered":"<div  class=\"tribe-events-schedule tribe-clearfix\" >\n\t<p class=\"tribe-events-schedule__datetime\">\n\t\t<span class=\"tribe-events-schedule__date tribe-events-schedule__date--start\">\n\t\t\t19 juni, 2025\t\t<\/span>\n\n\t\t\t\t\t<span class=\"tribe-events-schedule__separator tribe-events-schedule__separator--date\">\n\t\t\t\t @ \t\t\t<\/span>\n\t\t\t<span class=\"tribe-events-schedule__time tribe-events-schedule__time--start\">\n\t\t\t\t16:00\t\t\t<\/span>\n\t\t\n\t\t\t\t\t\t\t\t\t<span class=\"tribe-events-schedule__separator tribe-events-schedule__separator--time\">\n\t\t\t\t\t &#8211; \t\t\t\t<\/span>\n\t\t\t\n\t\t\t\t\t\t\t<span class=\"tribe-events-schedule__time tribe-events-schedule__time--end\">\n\t\t\t\t\t21:00\t\t\t\t<\/span>\n\t\t\t\n\t\t\t\t\t\t<\/p>\n<\/div>\n\n\n\n<p class=\"wp-block-paragraph\"><strong>F\u00c6LLESM\u00d8DE I SENIORBO-FREDERIKSBERG DEN 19. JUNI \u00a0med start\u00a0<u>kl.\u00a016\u00a0<\/u>ved\u00a0<u>Den lille Kirke p\u00e5 Hospitalsgrunden<\/u><\/strong><u>\u00a0<\/u> p\u00e5 Hovedgaden <strong>&#8211; <\/strong>r\u00f8d bygning ved b\u00e6nkene foran hovedindgangen\u00a0til kirken. <br><strong>Dagsorden:\u00a0<\/strong> <br><strong>1.<\/strong>  Rundtur med \u00a0Ragnhild Ladeg\u00e5rd Nielsen &#8211;\u00a0byplanarkitekt hos Frederiksberg kommune.<br>Det mest sp\u00e6ndende bliver nok at h\u00f8re om planerne for omr\u00e5det ned mod Tesdorfsvej, hvor jeg har h\u00f8rt i min \u00f8resnegl, at det b\u00e5de g\u00e6lder nybyg samt indretning af nogle af de gamle bygninger.<br>Det det er lidt sv\u00e6rt at sige, hvor l\u00e6nge g\u00e5-turen varer. Den medbragte mad til f\u00e6llespisning kan s\u00e6ttes inde i Den lille Kirke.<br><strong>2.<\/strong>\u00a0 Dern\u00e6st &#8211; lidt afh\u00e6ngig af vejr og vind &#8211; sidste nyt fra Solbjerg Park projektet\/ almen boliggruppen \/ andel-ejer\u00a0<br>gruppen. Om det skal foreg\u00e5 p\u00e5 gr\u00e6splanen foran kirken eller i Stormly &#8211; finder vi ud af.<br>Der er stole til alle ved kirken, s\u00e5 man ikke skal sidde p\u00e5 gr\u00e6sset.<br><strong>3. <\/strong>N\u00e5r boligen skal matche livet &#8211; kort indl\u00e6g og uddeling af brochure<br><strong>4. <\/strong>Reklame for vores politiker- panel, der finder sted den 25. september p\u00e5 biblioteket p\u00e5 Danasvej. Alle partier stiller op-v\u00e6r med til at brede rygtet.<br><strong>5.<\/strong> Dern\u00e6st f\u00e6llesspisning og alm hygge. En sang, en fort\u00e6lling eller en leg- alt er velkommen.<br><strong>6. <\/strong>V\u00e6r s\u00f8de at melde Jer til snarest p\u00e5 kalenderen nedenfor. <br><br><br>P\u00e5 gensyn til en sp\u00e6ndende\u00a0spadseretur og et hyggeligt f\u00e6llesm\u00f8de med streg under hygge.<br>Husk mad til f\u00e6llesbordet.<br>Foreningen s\u00f8rger for drikkevarer<br><br><br>P\u00e5 gensyn<br>p\u00e5 bestyrelsens vegne<br>Birgitte Franck<\/p>\n\n\n\n<p class=\"wp-block-paragraph\"><\/p>\n\n\n<div  class=\"tribe-block tribe-block__event-price\" >\n\t\t<\/div>\n\n\n\n\n<div  class=\"tribe-block tribe-block__venue tribe-clearfix\" >\n\t\n\t\t\n\t<\/div>\n\n\n\n\n\t<div  class=\"tribe-block tribe-block__events-link\" >\n\t\t<div class=\"tribe-events tribe-common\">\n\t\t\t<div class=\"tribe-events-c-subscribe-dropdown__container\">\n\t\t\t\t<div class=\"tribe-events-c-subscribe-dropdown\">\n\t\t\t\t\t<div class=\"tribe-common-c-btn-border tribe-events-c-subscribe-dropdown__button\">\n\t\t\t\t\t\t<svg\n\t class=\"tribe-common-c-svgicon tribe-common-c-svgicon--cal-export tribe-events-c-subscribe-dropdown__export-icon\" \taria-hidden=\"true\"\n\tviewBox=\"0 0 23 17\"\n\txmlns=\"http:\/\/www.w3.org\/2000\/svg\"\n>\n\t<path fill-rule=\"evenodd\" clip-rule=\"evenodd\" d=\"M.128.896V16.13c0 .211.145.383.323.383h15.354c.179 0 .323-.172.323-.383V.896c0-.212-.144-.383-.323-.383H.451C.273.513.128.684.128.896Zm16 6.742h-.901V4.679H1.009v10.729h14.218v-3.336h.901V7.638ZM1.01 1.614h14.218v2.058H1.009V1.614Z\" \/>\n\t<path d=\"M20.5 9.846H8.312M18.524 6.953l2.89 2.909-2.855 2.855\" stroke-width=\"1.2\" stroke-linecap=\"round\" stroke-linejoin=\"round\"\/>\n<\/svg>\n\t\t\t\t\t\t<button\n\t\t\t\t\t\t\tclass=\"tribe-events-c-subscribe-dropdown__button-text\"\n\t\t\t\t\t\t\taria-expanded=\"false\"\n\t\t\t\t\t\t\taria-controls=\"tribe-events-subscribe-dropdown-content\"\n\t\t\t\t\t\t\taria-label=\"Se links til at tilf\u00f8je begivenheder til din kalender\"\n\t\t\t\t\t\t>\n\t\t\t\t\t\t\tTilf\u00f8j til kalender\t\t\t\t\t\t<\/button>\n\t\t\t\t\t\t<svg\n\t class=\"tribe-common-c-svgicon tribe-common-c-svgicon--caret-down tribe-events-c-subscribe-dropdown__button-icon\" \taria-hidden=\"true\"\n\tviewBox=\"0 0 10 7\"\n\txmlns=\"http:\/\/www.w3.org\/2000\/svg\"\n>\n\t<path fill-rule=\"evenodd\" clip-rule=\"evenodd\" d=\"M1.008.609L5 4.6 8.992.61l.958.958L5 6.517.05 1.566l.958-.958z\" class=\"tribe-common-c-svgicon__svg-fill\"\/>\n<\/svg>\n\t\t\t\t\t<\/div>\n\t\t\t\t\t<div id=\"tribe-events-subscribe-dropdown-content\" class=\"tribe-events-c-subscribe-dropdown__content\">\n\t\t\t\t\t\t<ul class=\"tribe-events-c-subscribe-dropdown__list\">\n\t\t\t\t\t\t\t\t\t\t\t\t\t\t\t<li class=\"tribe-events-c-subscribe-dropdown__list-item tribe-events-c-subscribe-dropdown__list-item--gcal\">\n\t\t\t\t\t\t\t\t\t<a\n\t\t\t\t\t\t\t\t\t\thref=\"https:\/\/www.google.com\/calendar\/event?action=TEMPLATE&#038;dates=20250619T160000\/20250619T210000&#038;text=Stormly%20f%C3%A6llesm%C3%B8de&#038;details=%3Cp+class%3D%22%22%3E%3Cstrong%3EF%C3%86LLESM%C3%98DE+I+SENIORBO-FREDERIKSBERG+DEN+19.+JUNI+%C2%A0med+start%C2%A0%3Cu%3Ekl.%C2%A016%C2%A0%3C%2Fu%3Eved%C2%A0%3Cu%3EDen+lille+Kirke+p%C3%A5+Hospitalsgrunden%3C%2Fu%3E%3C%2Fstrong%3E%3Cu%3E%C2%A0%3C%2Fu%3E+p%C3%A5+Hovedgaden+%3Cstrong%3E-+%3C%2Fstrong%3Er%C3%B8d+bygning+ved+b%C3%A6nkene+foran+hovedindgangen%C2%A0til+kirken.+%3Cbr+%2F%3E%3Cstrong%3EDagsorden%3A%C2%A0%3C%2Fstrong%3E+%3Cbr+%2F%3E%3Cstrong%3E1.%3C%2Fstrong%3E++Rundtur+med+%C2%A0Ragnhild+Ladeg%C3%A5rd+Nielsen+-%C2%A0byplanarkitekt+hos+Frederiksberg+kommune.%3Cbr+%2F%3EDet+mest+sp%C3%A6ndende+bliver+nok+at+h%C3%B8re+om+planerne+for+omr%C3%A5det+ned+mod+Tesdorfsvej%2C+hvor+jeg+har+h%C3%B8rt+i+min+%C3%B8resnegl%2C+at+det+b%C3%A5de+g%C3%A6lder+nybyg+samt+indretning+af+nogle+af+de+gamle+bygninger.%3Cbr+%2F%3EDet+det+er+lidt+sv%C3%A6rt+at+sige%2C+hvor+l%C3%A6nge+g%C3%A5-turen+varer.+Den+medbragte+mad+til+f%C3%A6llespisning+kan+s%C3%A6ttes+inde+i+Den+lille+Kirke.%3Cbr+%2F%3E%3Cstrong%3E2.%3C%2Fstrong%3E%C2%A0+Dern%C3%A6st+-+lidt+afh%C3%A6ngig+af+vejr+og+vind+-+sidste+nyt+fra+Solbjerg+Park+projektet%2F+almen+boliggruppen+%2F+andel-ejer%C2%A0%3Cbr+%2F%3Egruppen.+Om+det+skal+foreg%C3%A5+p%C3%A5+gr%C3%A6splanen+foran+kirken+eller+i+Stormly+-+finder+vi+ud+af.%3Cbr+%2F%3EDer+er+s%3C%2Fp%3E+%28Se+hele+begivenhed-beskrivelsen+her%3A+https%3A%2F%2Fseniorbofrederiksberg.dk%2F%3Ftribe_events%3Dstormly-faellemoede%29&#038;trp=false&#038;ctz=Europe\/Copenhagen&#038;sprop=website:https:\/\/seniorbofrederiksberg.dk\"\n\t\t\t\t\t\t\t\t\t\tclass=\"tribe-events-c-subscribe-dropdown__list-item-link\"\n\t\t\t\t\t\t\t\t\t\ttarget=\"_blank\"\n\t\t\t\t\t\t\t\t\t\trel=\"noopener noreferrer nofollow noindex\"\n\t\t\t\t\t\t\t\t\t>\n\t\t\t\t\t\t\t\t\t\tGoogle kalender\t\t\t\t\t\t\t\t\t<\/a>\n\t\t\t\t\t\t\t\t<\/li>\n\t\t\t\t\t\t\t\t\t\t\t\t\t\t\t<li class=\"tribe-events-c-subscribe-dropdown__list-item tribe-events-c-subscribe-dropdown__list-item--ical\">\n\t\t\t\t\t\t\t\t\t<a\n\t\t\t\t\t\t\t\t\t\thref=\"\"\n\t\t\t\t\t\t\t\t\t\tclass=\"tribe-events-c-subscribe-dropdown__list-item-link\"\n\t\t\t\t\t\t\t\t\t\ttarget=\"_blank\"\n\t\t\t\t\t\t\t\t\t\trel=\"noopener noreferrer nofollow noindex\"\n\t\t\t\t\t\t\t\t\t>\n\t\t\t\t\t\t\t\t\t\tiCalendar\t\t\t\t\t\t\t\t\t<\/a>\n\t\t\t\t\t\t\t\t<\/li>\n\t\t\t\t\t\t\t\t\t\t\t\t\t\t\t<li class=\"tribe-events-c-subscribe-dropdown__list-item tribe-events-c-subscribe-dropdown__list-item--outlook-365\">\n\t\t\t\t\t\t\t\t\t<a\n\t\t\t\t\t\t\t\t\t\thref=\"\"\n\t\t\t\t\t\t\t\t\t\tclass=\"tribe-events-c-subscribe-dropdown__list-item-link\"\n\t\t\t\t\t\t\t\t\t\ttarget=\"_blank\"\n\t\t\t\t\t\t\t\t\t\trel=\"noopener noreferrer nofollow noindex\"\n\t\t\t\t\t\t\t\t\t>\n\t\t\t\t\t\t\t\t\t\tOutlook 365\t\t\t\t\t\t\t\t\t<\/a>\n\t\t\t\t\t\t\t\t<\/li>\n\t\t\t\t\t\t\t\t\t\t\t\t\t\t\t<li class=\"tribe-events-c-subscribe-dropdown__list-item tribe-events-c-subscribe-dropdown__list-item--outlook-live\">\n\t\t\t\t\t\t\t\t\t<a\n\t\t\t\t\t\t\t\t\t\thref=\"\"\n\t\t\t\t\t\t\t\t\t\tclass=\"tribe-events-c-subscribe-dropdown__list-item-link\"\n\t\t\t\t\t\t\t\t\t\ttarget=\"_blank\"\n\t\t\t\t\t\t\t\t\t\trel=\"noopener noreferrer nofollow noindex\"\n\t\t\t\t\t\t\t\t\t>\n\t\t\t\t\t\t\t\t\t\tOutlook Live\t\t\t\t\t\t\t\t\t<\/a>\n\t\t\t\t\t\t\t\t<\/li>\n\t\t\t\t\t\t\t\t\t\t\t\t\t<\/ul>\n\t\t\t\t\t<\/div>\n\t\t\t\t<\/div>\n\t\t\t<\/div>\n\t\t<\/div>\n\t<\/div>\n\n","protected":false},"excerpt":{"rendered":"<p class=\"sbf-search-event-date\" style=\"color:#5a3e8c;font-weight:600;margin-bottom:4px;\">\ud83d\udcc5 19. juni 2025 kl. 16:00<\/p><p>F\u00c6LLESM\u00d8DE I SENIORBO-FREDERIKSBERG DEN 19. JUNI \u00a0med start\u00a0kl.\u00a016\u00a0ved\u00a0Den lille Kirke p\u00e5 Hospitalsgrunden\u00a0 p\u00e5 Hovedgaden &#8211; r\u00f8d bygning ved b\u00e6nkene foran hovedindgangen\u00a0til kirken. Dagsorden:\u00a0 1. Rundtur med \u00a0Ragnhild Ladeg\u00e5rd Nielsen &#8211;\u00a0byplanarkitekt [&hellip;]<\/p>\n","protected":false},"author":1,"featured_media":0,"comment_status":"open","ping_status":"closed","template":"","meta":{"_EventAllDay":false,"_EventTimezone":"Europe\/Copenhagen","_EventStartDate":"2025-06-19 16:00:00","_EventEndDate":"2025-06-19 21:00:00","_EventStartDateUTC":"2025-06-19 14:00:00","_EventEndDateUTC":"2025-06-19 19:00:00","_EventShowMap":false,"_EventShowMapLink":false,"_EventURL":"","_EventCost":"","_EventCostDescription":"","_EventCurrencySymbol":"kr.","_EventCurrencyCode":"DKR","_EventCurrencyPosition":"suffix","_EventDateTimeSeparator":" @ ","_EventTimeRangeSeparator":" - ","_EventOrganizerID":[],"_EventVenueID":[],"_OrganizerEmail":"","_OrganizerPhone":"","_OrganizerWebsite":"","_VenueAddress":"","_VenueCity":"","_VenueCountry":"","_VenueProvince":"","_VenueState":"","_VenueZip":"","_VenuePhone":"","_VenueURL":"","_VenueStateProvince":"","_VenueLat":"","_VenueLng":"","_VenueShowMap":false,"_VenueShowMapLink":false,"_tribe_events_status":"","_tribe_events_status_reason":"","footnotes":""},"tags":[],"tribe_events_cat":[],"class_list":["post-3293","tribe_events","type-tribe_events","status-publish","hentry"],"_links":{"self":[{"href":"https:\/\/seniorbofrederiksberg.dk\/index.php?rest_route=\/wp\/v2\/tribe_events\/3293","targetHints":{"allow":["GET"]}}],"collection":[{"href":"https:\/\/seniorbofrederiksberg.dk\/index.php?rest_route=\/wp\/v2\/tribe_events"}],"about":[{"href":"https:\/\/seniorbofrederiksberg.dk\/index.php?rest_route=\/wp\/v2\/types\/tribe_events"}],"author":[{"embeddable":true,"href":"https:\/\/seniorbofrederiksberg.dk\/index.php?rest_route=\/wp\/v2\/users\/1"}],"replies":[{"embeddable":true,"href":"https:\/\/seniorbofrederiksberg.dk\/index.php?rest_route=%2Fwp%2Fv2%2Fcomments&post=3293"}],"version-history":[{"count":4,"href":"https:\/\/seniorbofrederiksberg.dk\/index.php?rest_route=\/wp\/v2\/tribe_events\/3293\/revisions"}],"predecessor-version":[{"id":3443,"href":"https:\/\/seniorbofrederiksberg.dk\/index.php?rest_route=\/wp\/v2\/tribe_events\/3293\/revisions\/3443"}],"wp:attachment":[{"href":"https:\/\/seniorbofrederiksberg.dk\/index.php?rest_route=%2Fwp%2Fv2%2Fmedia&parent=3293"}],"wp:term":[{"taxonomy":"post_tag","embeddable":true,"href":"https:\/\/seniorbofrederiksberg.dk\/index.php?rest_route=%2Fwp%2Fv2%2Ftags&post=3293"},{"taxonomy":"tribe_events_cat","embeddable":true,"href":"https:\/\/seniorbofrederiksberg.dk\/index.php?rest_route=%2Fwp%2Fv2%2Ftribe_events_cat&post=3293"}],"curies":[{"name":"wp","href":"https:\/\/api.w.org\/{rel}","templated":true}]}}